{"id":2169,"date":"2023-10-09T10:48:46","date_gmt":"2023-10-09T08:48:46","guid":{"rendered":"https:\/\/www.ampere.cars\/?page_id=2169"},"modified":"2026-01-16T12:11:39","modified_gmt":"2026-01-16T11:11:39","slug":"amperes-news","status":"publish","type":"page","link":"https:\/\/www.ampere.cars\/en\/amperes-news\/","title":{"rendered":"Ampere&#8217;s news"},"content":{"rendered":"\n<h2 style=\"position: absolute !important;font-size: 0 !important; line-height: 0 !important\">Whether it\u2019s upcoming models, new technologies or the latest happenings within the entity, we\u2019ll keep you up to date on the Ampere universe right here.<\/h2>\n\n\n\n<div id=\"acf-block-677fa57aa2114\" class=\"teq-container cp-herobanner-video relative anim-bg video-cp \" data-color=\"white\">\n    <div class=\"teq-row max-w align-center\">\n        <div class=\"col-12 top mb-4\">\n            <div class=\"col-12 content d-flex text-center justify-center flex-wrap animShowText\" data-from=\"bottom\">\n                                    <p class=\"txt-10 w-400 wix ls-3 text-uppercase mb-2\">02.12.2025<\/p>\n                                    <h3 class=\"txt-32 w-700 l-120 ls-12 ls-lg-9 text-uppercase wix width-100\">100,000 RENAULT 5 E-TECH ELECTRIC VEHICLES BUILT AT DOUAI: TURNING THE SPOTLIGHT ON \u201cMADE IN FRANCE\u201d<\/h3>\n                            <\/div>\n        <\/div>\n        <div class=\"col-12 img relative\">\n            <div class=\"desktop\">\n                                    <img decoding=\"async\" class=\"width-100 img-item\" src=\"https:\/\/www.ampere.cars\/app\/uploads\/2025\/12\/100-000-Renault-5-E-Tech-Electric-produites-A-Douai-6.jpg\"\n                                alt=\"100 000 Renault 5 E-Tech Electric produites A Douai\"\n                                title=\"100 000 Renault 5 E-Tech Electric produites A Douai (6)\">\n                                            <\/div>\n            <div class=\"mobile\">\n\n                                    <img decoding=\"async\" class=\"width-100 img-item\" src=\"https:\/\/www.ampere.cars\/app\/uploads\/2025\/12\/100-000-Renault-5-E-Tech-Electric-produites-A-Douai-6.jpg\"\n                            alt=\"100 000 Renault 5 E-Tech Electric produites A Douai\"\n                            title=\"100 000 Renault 5 E-Tech Electric produites A Douai (6)\">\n                                            <\/div>\n            \n            <span class=\"spinner-loader\"><\/span>\n        <\/div>\n    <\/div>\n\n    <div class=\"teq-row max-w mt-3 mt-lg-5\">\n        <div class=\"col-12 col-lg-10 offset-lg-1 content d-flex text-center justify-center flex-wrap animShowText\" data-from=\"bottom\" >\n                            <div class=\"text w-600 l-140 width-100 width-lg-80 \">\n                    <p>The Ampere ElectriCity plant in Douai has reached a historic milestone: 100,000 Renault 5 E-Tech electric vehicles built in just 15 months! Around 900 vehicles roll off the assembly line every day, of which two-thirds are Renault 5 E-Tech electric.<\/p>\n                <\/div>\n                                        <div class=\"cta mt-4 width-100\">\n                    <a href=\"https:\/\/www.ampere.cars\/en\/news\/100000-renault-5-e-tech-electric-vehicles-built-at-douai-turning-the-spotlight-on-made-in-france\/\" target=\"\" class=\" btn-ampere \" data-text=\"Read the press release\">\n\n                                                    Read the press release                                            <\/a>\n                <\/div>\n                    <\/div>\n    <\/div>\n\n    \n\n    <!-- MODAL -->\n    <div class=\"video-modal\" inert>\n        <div class=\"d-flex align-center justify-center height-100vh\">\n            <div class=\"cp-block-video-vue width-100\">\n                <block-video\n                        format=\"youtube\"\n                        video=\"\"\n                        id=\"block_c5e744c266779eb6b45bc8685c92db9f\"\n                        text-no-cookie=\"YouTube utilise des traceurs lors de la visualisation de vid\u00e9os h\u00e9berg\u00e9es sur son site, afin de personnaliser les annonces. Pour regarder cette vid\u00e9o, vous devez autoriser les cookies sociaux sur notre site. Vous pouvez revenir sur votre choix \u00e0 tout moment. Plus d'informations sur la Politique de cookie YouTube :\"\n                        text-button-no-cookie=\"modifier les cookies\"\n                >\n                <\/block-video>\n            <\/div>\n\n            <button role=\"button\" id=\"close-block_c5e744c266779eb6b45bc8685c92db9f\" class=\"close-video-modal btn-close-overlay\"\n               aria-label=\"close modal\">\n                <span class=\"magnet\">\n                    <svg class=\"icon-close fill-c-white no-change\">\n                        <use xlink:href=\"#icon-close\"><\/use>\n                    <\/svg>\n                <\/span>\n            <\/button>\n        <\/div>\n    <\/div>\n<\/div>\n\n\n\n\n\n<div id=\"acf-block-677fa57aa2181\" id=\"cp-last-news\" class=\"teq-container cp-last-news anim-bg \" data-color=\"white\">\n    <div class=\"teq-row max-w\">\n        <div class=\"col-12 col-sm-8 col-lg-6 top animShowText\" data-from=\"bottom\">\n            <h3 class=\"txt-22 wix w-700 l-120 ls-9 text-uppercase title hoverable\">Press<\/h3>\n            <div class=\"w-300 l-140 mt-3 description\">\n                Whether it\u2019s upcoming models, new technologies or the latest happenings within the entity, we\u2019ll keep you up to date on the Ampere universe right here.            <\/div>\n        <\/div>\n    <\/div>\n    <cp-last-news\n    label-btn-filter=\"\"\n    label-btn-reset-filter=\"\"\n    no-results=\"\"\n    url=\"https:\/\/www.ampere.cars\/ajax.php?action=last_news&#038;wpml_lang=en&#038;page=1&#038;q_thematique=false&#038;thematiques&#038;q_format=false&#038;formats&#038;q_annee=false&#038;annees\">\n    <\/cp-last-news>\n<\/div>\n\n\n\n<div id=\"acf-block-695cc10c19ef9\" class=\"cp-filterable-library teq-container\" data-color=\"black\">\n    <filterable-library\n        title=\"In Brief\"\n        description=\"Immerse yourself in the latest news from Ampere: events, awards, partnerships and landmark projects in electric vehicle technology.\"\n        label-show-more=\"Read more\"\n        label-reset-filters=\"Reset\"\n        label-no-results=\"No results found\"\n        url=\"https:\/\/www.ampere.cars\/en\/\"\n        is-dark=\"true\"\n        :filters=\"{&quot;theme&quot;:{&quot;label&quot;:&quot;Theme&quot;,&quot;options&quot;:[{&quot;label&quot;:&quot;Battery&quot;,&quot;value&quot;:&quot;battery&quot;},{&quot;label&quot;:&quot;Engine&quot;,&quot;value&quot;:&quot;engine&quot;},{&quot;label&quot;:&quot;Events&quot;,&quot;value&quot;:&quot;events&quot;},{&quot;label&quot;:&quot;Industry&quot;,&quot;value&quot;:&quot;industry&quot;},{&quot;label&quot;:&quot;Plateform&quot;,&quot;value&quot;:&quot;plateform&quot;},{&quot;label&quot;:&quot;Software&quot;,&quot;value&quot;:&quot;software-2&quot;},{&quot;label&quot;:&quot;Strategy&quot;,&quot;value&quot;:&quot;strategy&quot;},{&quot;label&quot;:&quot;Vehicles&quot;,&quot;value&quot;:&quot;vehicles&quot;}]},&quot;format&quot;:{&quot;label&quot;:&quot;Format&quot;,&quot;options&quot;:[{&quot;label&quot;:&quot;Article&quot;,&quot;value&quot;:&quot;article-2&quot;},{&quot;label&quot;:&quot;Video&quot;,&quot;value&quot;:&quot;video-2&quot;}]},&quot;date&quot;:{&quot;label&quot;:&quot;Date&quot;,&quot;options&quot;:[]}}\"\n        filter-init=\"article-2,video-2\"\n    \/>\n<\/div>\n\n\n\n<div id=\"social\" class=\"teq-container cp-social-wall bg-c-white anim-bg \" data-color=\"white\">\n    <div class=\"teq-row max-w container\">\n        <div class=\"title col-12\">\n                            <h3 class=\"txt-22 text-uppercase wix w-700 l-120  ls-8 mb-5 animShowText\" data-from=\"bottom\">\n                    STAY TUNED                <\/h3>\n                    <\/div>\n\n                    <ul class=\"col-12 list pr-0 pl-0\" aria-label=\"Socials posts Ampere\">\n                                                            <li class=\"column relative card-social hide\" inert>\n                            <div>\n                                <div class=\"d-flex justify-between mb-3 top\">\n                                    <div class=\"d-flex gap-12 align-center\">\n                                                                                    <img decoding=\"async\" class=\"id-photo\" src=\"https:\/\/www.ampere.cars\/app\/uploads\/2023\/11\/logo-ampere-fond-noir.jpg\" alt=\"logo ampere\">\n                                                                                <div class=\"d-flex column gap-4 infos\">\n                                                                                            <p class=\"w-600 l-100\">Ampere<\/p>\n                                                                                                                                        <p class=\"txt-10 l-100 w-400 wix ls-1 text-uppercase\">31 Dec. 2025<\/p>\n                                                                                    <\/div>\n                                    <\/div>\n                                                                            <a class=\"stretched-link\" href=\"https:\/\/www.linkedin.com\/feed\/update\/urn:li:activity:7412039969420038144\" target=\"_blank\" aria-label=\"linkedin\">\n                                                                                            <svg class=\"c-black icon-linkedin\">\n                                                    <use xlink:href=\"#icon-linkedin\"><\/use>\n                                                <\/svg>\n                                                                                    <\/a>\n                                                                    <\/div>\n                                                                    <div class=\"picture mb-3\">\n                                        <img decoding=\"async\" src=\"https:\/\/www.ampere.cars\/app\/uploads\/2026\/01\/1766834386506.jpg\" alt=\"1766834386506\">\n                                    <\/div>\n                                                                    <div class=\"content-text\">\n                                        <p>\ud83d\udd34Remembrer 2025 with Ampere EP#5<br \/>\nWhen others said it couldn\u2019t be done, we proved them wrong.<\/p>\n<p>2025 was the year Ampere redefined what \u201caffordable electric mobility\u201d means, with the launch of Twingo E-Tech Electric. \ud83d\udc38\u26a1<\/p>\n<p>Learn more&#8230;<\/p>\n                                    <\/div>\n                                                            <\/div>\n\n                        <\/li>\n                                                                <li class=\"column relative card-social hide\" inert>\n                            <div>\n                                <div class=\"d-flex justify-between mb-3 top\">\n                                    <div class=\"d-flex gap-12 align-center\">\n                                                                                    <img decoding=\"async\" class=\"id-photo\" src=\"https:\/\/www.ampere.cars\/app\/uploads\/2023\/11\/logo-ampere-fond-noir.jpg\" alt=\"logo ampere\">\n                                                                                <div class=\"d-flex column gap-4 infos\">\n                                                                                            <p class=\"w-600 l-100\">Ampere<\/p>\n                                                                                                                                        <p class=\"txt-10 l-100 w-400 wix ls-1 text-uppercase\">30 Dec. 2025<\/p>\n                                                                                    <\/div>\n                                    <\/div>\n                                                                            <a class=\"stretched-link\" href=\"https:\/\/www.linkedin.com\/feed\/update\/urn:li:activity:7411677452315303936\" target=\"_blank\" aria-label=\"linkedin\">\n                                                                                            <svg class=\"c-black icon-linkedin\">\n                                                    <use xlink:href=\"#icon-linkedin\"><\/use>\n                                                <\/svg>\n                                                                                    <\/a>\n                                                                    <\/div>\n                                                                    <div class=\"picture mb-3\">\n                                        <img decoding=\"async\" src=\"https:\/\/www.ampere.cars\/app\/uploads\/2026\/01\/1765279152298.jpg\" alt=\"1765279152298\">\n                                    <\/div>\n                                                                    <div class=\"content-text\">\n                                        <p>\ud83d\udd35Remembrer 2025 with Ampere EP#4<br \/>\n2025 didn\u2019t just make headlines, it made history. Here\u2019s how Ampere turned ambition into reality<\/p>\n<p>\ud83d\ude97 100,000 Renault 5 E-Tech Electric: a french success story<br \/>\nFrom Car of the Year to market leader across Europe, Renault 5 became an icon of affordable electric mobility. At the heart of this success: Ampere ElectriCity in Douai, now a 100% electric facility producing 900 vehicles a day.<\/p>\n<p>Learn more&#8230;<\/p>\n                                    <\/div>\n                                                            <\/div>\n\n                        <\/li>\n                                                                <li class=\"column relative card-social hide\" inert>\n                            <div>\n                                <div class=\"d-flex justify-between mb-3 top\">\n                                    <div class=\"d-flex gap-12 align-center\">\n                                                                                    <img decoding=\"async\" class=\"id-photo\" src=\"https:\/\/www.ampere.cars\/app\/uploads\/2023\/11\/logo-ampere-fond-noir.jpg\" alt=\"logo ampere\">\n                                                                                <div class=\"d-flex column gap-4 infos\">\n                                                                                            <p class=\"w-600 l-100\">Ampere<\/p>\n                                                                                                                                        <p class=\"txt-10 l-100 w-400 wix ls-1 text-uppercase\">29 Dec. 2025<\/p>\n                                                                                    <\/div>\n                                    <\/div>\n                                                                            <a class=\"stretched-link\" href=\"https:\/\/www.linkedin.com\/feed\/update\/urn:li:activity:7411315414175068160\" target=\"_blank\" aria-label=\"linkedin\">\n                                                                                            <svg class=\"c-black icon-linkedin\">\n                                                    <use xlink:href=\"#icon-linkedin\"><\/use>\n                                                <\/svg>\n                                                                                    <\/a>\n                                                                    <\/div>\n                                                                    <div class=\"picture mb-3\">\n                                        <img decoding=\"async\" src=\"https:\/\/www.ampere.cars\/app\/uploads\/2025\/11\/Ampere_centrale.jpg\" alt=\"Ampere_centrale\">\n                                    <\/div>\n                                                                    <div class=\"content-text\">\n                                        <p>\ud83d\udfe1Remembrer 2025 with Ampere EP#3<br \/>\n2025 was a year of breakthroughs, where technology met purpose and speed met responsibility.<\/p>\n<p>\ud83d\udd0b Lardy\u27a1\ufe0f The future starts here<br \/>\nWe opened our Battery Cell Innovation Laboratory at Lardy, a 3,000 m\u00b2 hub dedicated to anticipating tomorrow\u2019s breakthroughs. Because the battery isn\u2019t just a component; it\u2019s the heart of competitiveness, sustainability, and customer experience.<\/p>\n<p>Learn more&#8230;<\/p>\n                                    <\/div>\n                                                            <\/div>\n\n                        <\/li>\n                                                                <li class=\"column relative card-social hide\" inert>\n                            <div>\n                                <div class=\"d-flex justify-between mb-3 top\">\n                                    <div class=\"d-flex gap-12 align-center\">\n                                                                                    <img decoding=\"async\" class=\"id-photo\" src=\"https:\/\/www.ampere.cars\/app\/uploads\/2023\/11\/logo-ampere-fond-noir.jpg\" alt=\"logo ampere\">\n                                                                                <div class=\"d-flex column gap-4 infos\">\n                                                                                            <p class=\"w-600 l-100\">Ampere<\/p>\n                                                                                                                                        <p class=\"txt-10 l-100 w-400 wix ls-1 text-uppercase\">27 Dec. 2025<\/p>\n                                                                                    <\/div>\n                                    <\/div>\n                                                                            <a class=\"stretched-link\" href=\"https:\/\/www.linkedin.com\/feed\/update\/urn:li:activity:7410639338180399104\" target=\"_blank\" aria-label=\"linkedin\">\n                                                                                            <svg class=\"c-black icon-linkedin\">\n                                                    <use xlink:href=\"#icon-linkedin\"><\/use>\n                                                <\/svg>\n                                                                                    <\/a>\n                                                                    <\/div>\n                                                                    <div class=\"picture mb-3\">\n                                        <img decoding=\"async\" src=\"https:\/\/www.ampere.cars\/app\/uploads\/2025\/09\/R-DAM_1702659-1.jpg\" alt=\"R-DAM_1702659\">\n                                    <\/div>\n                                                                    <div class=\"content-text\">\n                                        <p>\ud83d\udfe3Remembrer 2025 with Ampere EP#2<br \/>\n2025 was a year of heritage reborn, performance unleashed, and industrial excellence celebrated.<\/p>\n<p>\ud83d\ude99 The Renault 4 returns, electrified<br \/>\nAn icon reinvented for a new era. The Renault 4 E-Tech Electric blends nostalgia with innovation: Ampere\u2019s AmpR Small platform, cutting-edge software, and an electric motor crafted at our Cl\u00e9on plant. Built in France, this car is more than mobility\u2014it\u2019s emotion powered by technology.<\/p>\n<p>Learn more&#8230;<\/p>\n                                    <\/div>\n                                                            <\/div>\n\n                        <\/li>\n                                                                <li class=\"column relative card-social hide\" inert>\n                            <div>\n                                <div class=\"d-flex justify-between mb-3 top\">\n                                    <div class=\"d-flex gap-12 align-center\">\n                                                                                    <img decoding=\"async\" class=\"id-photo\" src=\"https:\/\/www.ampere.cars\/app\/uploads\/2023\/11\/logo-ampere-fond-noir.jpg\" alt=\"logo ampere\">\n                                                                                <div class=\"d-flex column gap-4 infos\">\n                                                                                            <p class=\"w-600 l-100\">Ampere<\/p>\n                                                                                                                                        <p class=\"txt-10 l-100 w-400 wix ls-1 text-uppercase\">26 Dec. 2025<\/p>\n                                                                                    <\/div>\n                                    <\/div>\n                                                                            <a class=\"stretched-link\" href=\"https:\/\/www.linkedin.com\/feed\/update\/urn:li:activity:7410342315363287040\" target=\"_blank\" aria-label=\"linkedin\">\n                                                                                            <svg class=\"c-black icon-linkedin\">\n                                                    <use xlink:href=\"#icon-linkedin\"><\/use>\n                                                <\/svg>\n                                                                                    <\/a>\n                                                                    <\/div>\n                                                                    <div class=\"picture mb-3\">\n                                        <img decoding=\"async\" src=\"https:\/\/www.ampere.cars\/app\/uploads\/2025\/01\/Coty-ampere-herozone.jpg\" alt=\"Coty-ampere-herozone\">\n                                    <\/div>\n                                                                    <div class=\"content-text\">\n                                        <p>\ud83d\udfe2Remembrer 2025 with Ampere EP#1<br \/>\n2025 wasn\u2019t just another year, it was a turning point. A year where vision met reality, and Ampere stood at the heart of the electric revolution.<\/p>\n<p>Learn more&#8230;<\/p>\n                                    <\/div>\n                                                            <\/div>\n\n                        <\/li>\n                                                                <li class=\"column relative card-social hide\" inert>\n                            <div>\n                                <div class=\"d-flex justify-between mb-3 top\">\n                                    <div class=\"d-flex gap-12 align-center\">\n                                                                                    <img decoding=\"async\" class=\"id-photo\" src=\"https:\/\/www.ampere.cars\/app\/uploads\/2023\/11\/logo-ampere-fond-noir.jpg\" alt=\"logo ampere\">\n                                                                                <div class=\"d-flex column gap-4 infos\">\n                                                                                            <p class=\"w-600 l-100\">Ampere<\/p>\n                                                                                                                                        <p class=\"txt-10 l-100 w-400 wix ls-1 text-uppercase\">23 Dec. 2025<\/p>\n                                                                                    <\/div>\n                                    <\/div>\n                                                                            <a class=\"stretched-link\" href=\"https:\/\/www.linkedin.com\/feed\/update\/urn:li:activity:7409171999928893440\" target=\"_blank\" aria-label=\"linkedin\">\n                                                                                            <svg class=\"c-black icon-linkedin\">\n                                                    <use xlink:href=\"#icon-linkedin\"><\/use>\n                                                <\/svg>\n                                                                                    <\/a>\n                                                                    <\/div>\n                                                                    <div class=\"picture mb-3\">\n                                        <img decoding=\"async\" src=\"https:\/\/www.ampere.cars\/app\/uploads\/2026\/01\/1766484259390.jpg\" alt=\"1766484259390\">\n                                    <\/div>\n                                                                    <div class=\"content-text\">\n                                        <p>\ud83c\udf81The electric demo car Renault Filante Record 2025 drove 1,008 km in less than 10 hours\u2026<\/p>\n<p>\u2026At an average speed of 102 km\/h, and a consumption of 7,8 kWh\/100 km, with an 87 kWh battery.\ud83d\ude80<\/p>\n<p>Learn more&#8230;<\/p>\n                                    <\/div>\n                                                            <\/div>\n\n                        <\/li>\n                                                                <li class=\"column relative card-social hide\" inert>\n                            <div>\n                                <div class=\"d-flex justify-between mb-3 top\">\n                                    <div class=\"d-flex gap-12 align-center\">\n                                                                                    <img decoding=\"async\" class=\"id-photo\" src=\"https:\/\/www.ampere.cars\/app\/uploads\/2023\/11\/logo-ampere-fond-noir.jpg\" alt=\"logo ampere\">\n                                                                                <div class=\"d-flex column gap-4 infos\">\n                                                                                            <p class=\"w-600 l-100\">Ampere<\/p>\n                                                                                                                                        <p class=\"txt-10 l-100 w-400 wix ls-1 text-uppercase\">19 Dec. 2025<\/p>\n                                                                                    <\/div>\n                                    <\/div>\n                                                                            <a class=\"stretched-link\" href=\"https:\/\/www.linkedin.com\/feed\/update\/urn:li:activity:7407712353770745856\" target=\"_blank\" aria-label=\"linkedin\">\n                                                                                            <svg class=\"c-black icon-linkedin\">\n                                                    <use xlink:href=\"#icon-linkedin\"><\/use>\n                                                <\/svg>\n                                                                                    <\/a>\n                                                                    <\/div>\n                                                                    <div class=\"picture mb-3\">\n                                        <img decoding=\"async\" src=\"https:\/\/www.ampere.cars\/app\/uploads\/2023\/11\/AMPERE_EXE_NEWS_PLACEHOLDER_1920x1080px_300dpi-scaled.jpg\" alt=\"AMPERE_EXE_NEWS_PLACEHOLDER_1920x1080px_300dpi\">\n                                    <\/div>\n                                                                    <div class=\"content-text\">\n                                        <p>Meet experts behind the Renault 4 E-Tech Electric. \ud83d\ude98<\/p>\n<p>At Ampere, we believe that innovation is always driven by experts. \ud83e\udde0<br \/>\nFrom advanced driver assistance systems to breakthrough manufacturing technologies, every step of creating the #R4 E-Tech Electric has been led by the minds shaping the future of electric mobility. \ud83d\udca1<\/p>\n                                    <\/div>\n                                                            <\/div>\n\n                        <\/li>\n                                                                <li class=\"column relative card-social hide\" inert>\n                            <div>\n                                <div class=\"d-flex justify-between mb-3 top\">\n                                    <div class=\"d-flex gap-12 align-center\">\n                                                                                    <img decoding=\"async\" class=\"id-photo\" src=\"https:\/\/www.ampere.cars\/app\/uploads\/2023\/11\/logo-ampere-fond-noir.jpg\" alt=\"logo ampere\">\n                                                                                <div class=\"d-flex column gap-4 infos\">\n                                                                                            <p class=\"w-600 l-100\">Ampere<\/p>\n                                                                                                                                        <p class=\"txt-10 l-100 w-400 wix ls-1 text-uppercase\">09 Dec. 2025<\/p>\n                                                                                    <\/div>\n                                    <\/div>\n                                                                            <a class=\"stretched-link\" href=\"https:\/\/www.linkedin.com\/feed\/update\/urn:li:activity:7404117413883039744\/\" target=\"_blank\" aria-label=\"linkedin\">\n                                                                                            <svg class=\"c-black icon-linkedin\">\n                                                    <use xlink:href=\"#icon-linkedin\"><\/use>\n                                                <\/svg>\n                                                                                    <\/a>\n                                                                    <\/div>\n                                                                    <div class=\"picture mb-3\">\n                                        <img decoding=\"async\" src=\"https:\/\/www.ampere.cars\/app\/uploads\/2026\/01\/1765279152298.jpg\" alt=\"1765279152298\">\n                                    <\/div>\n                                                                    <div class=\"content-text\">\n                                        <div class=\"feed-shared-update-v2__description-wrapper mr2\" tabindex=\"-1\">\n<div class=\"feed-shared-inline-show-more-text feed-shared-update-v2__description feed-shared-inline-show-more-text--minimal-padding feed-shared-inline-show-more-text--3-lines feed-shared-inline-show-more-text--expanded \" tabindex=\"-1\">\n<div class=\"update-components-text relative update-components-update-v2__commentary \" dir=\"ltr\">\n<p>\ud83d\udd25BREAKING NEWS \u2013 Renault Group and Ford Motor Company: a major strategic partnership for Europe! \ud83d\ude97\ud83d\ude80<\/p>\n<p>We\u2019re proud to announce an exciting strategic cooperation with Ford Motor Company to accelerate affordable EV mobility across Europe.<\/p>\n<p>Learn more&#8230;<\/p>\n<\/div>\n<\/div>\n<\/div>\n                                    <\/div>\n                                                            <\/div>\n\n                        <\/li>\n                                                                <li class=\"column relative card-social hide\" inert>\n                            <div>\n                                <div class=\"d-flex justify-between mb-3 top\">\n                                    <div class=\"d-flex gap-12 align-center\">\n                                                                                    <img decoding=\"async\" class=\"id-photo\" src=\"https:\/\/www.ampere.cars\/app\/uploads\/2023\/11\/logo-ampere-fond-noir.jpg\" alt=\"logo ampere\">\n                                                                                <div class=\"d-flex column gap-4 infos\">\n                                                                                            <p class=\"w-600 l-100\">Ampere<\/p>\n                                                                                                                                        <p class=\"txt-10 l-100 w-400 wix ls-1 text-uppercase\">02 Dec. 2025<\/p>\n                                                                                    <\/div>\n                                    <\/div>\n                                                                            <a class=\"stretched-link\" href=\"https:\/\/www.linkedin.com\/feed\/update\/urn:li:activity:7401563550189785089\/\" target=\"\" aria-label=\"linkedin\">\n                                                                                            <svg class=\"c-black icon-linkedin\">\n                                                    <use xlink:href=\"#icon-linkedin\"><\/use>\n                                                <\/svg>\n                                                                                    <\/a>\n                                                                    <\/div>\n                                                                    <div class=\"picture mb-3\">\n                                        <img decoding=\"async\" src=\"https:\/\/www.ampere.cars\/app\/uploads\/2025\/12\/100-000-Renault-5-E-Tech-Electric-produites-A-Douai-6.jpg\" alt=\"100 000 Renault 5 E-Tech Electric produites A Douai\">\n                                    <\/div>\n                                                                    <div class=\"content-text\">\n                                        <p>Breaking news \ud83d\udd25100,000 Renault 5 E-Tech Electric : Ampere ElectriCity takes \u201cMade in France\u201d to new heights!<\/p>\n<p>Winner of the prestigious Car of the Year 2025 award, Renault 5 E-Tech Electric has become a true phenomenon: #1 on the electric vehicle market in France since the start of the year, leader in the electric B-segment in Europe for several months, and now topping the charts in the UK, the Netherlands, and Spain. And this is just the beginning\u2026<\/p>\n<p>Learn more&#8230;<\/p>\n                                    <\/div>\n                                                            <\/div>\n\n                        <\/li>\n                                                                <li class=\"column relative card-social hide\" inert>\n                            <div>\n                                <div class=\"d-flex justify-between mb-3 top\">\n                                    <div class=\"d-flex gap-12 align-center\">\n                                                                                    <img decoding=\"async\" class=\"id-photo\" src=\"https:\/\/www.ampere.cars\/app\/uploads\/2023\/11\/logo-ampere-fond-noir.jpg\" alt=\"logo ampere\">\n                                                                                <div class=\"d-flex column gap-4 infos\">\n                                                                                            <p class=\"w-600 l-100\">Ampere<\/p>\n                                                                                                                                        <p class=\"txt-10 l-100 w-400 wix ls-1 text-uppercase\">25 Nov. 2025<\/p>\n                                                                                    <\/div>\n                                    <\/div>\n                                                                            <a class=\"stretched-link\" href=\"https:\/\/www.linkedin.com\/feed\/update\/urn:li:activity:7399348918980907008\" target=\"_blank\" aria-label=\"linkedin\">\n                                                                                            <svg class=\"c-black icon-linkedin\">\n                                                    <use xlink:href=\"#icon-linkedin\"><\/use>\n                                                <\/svg>\n                                                                                    <\/a>\n                                                                    <\/div>\n                                                                    <div class=\"picture mb-3\">\n                                        <img decoding=\"async\" src=\"https:\/\/www.ampere.cars\/app\/uploads\/2025\/11\/photo-primary-DESKTOP-scaled.jpg\" alt=\"Dans les coulisses de la r\u00e9volution Twingo\">\n                                    <\/div>\n                                                                    <div class=\"content-text\">\n                                        <p>Inside the Twingo revolution \ud83c\udfa55 episodes to understand everything<\/p>\n<p>\ud83d\udc38How do you bring an icon back to life in under two years, without sacrificing design, quality, spirit, and all the hallmarks that make a legend like Twingo? How do you make electric mobility truly accessible, with a price tag under \u20ac20,000 and a suite of connected services that make life on board effortless?<\/p>\n<p>Discover all the episodes\u25b6\ufe0fhttps:\/\/lnkd.in\/eubXd_Sn<\/p>\n<p>Learn more&#8230;<\/p>\n                                    <\/div>\n                                                            <\/div>\n\n                        <\/li>\n                                                                <li class=\"column relative card-social hide\" inert>\n                            <div>\n                                <div class=\"d-flex justify-between mb-3 top\">\n                                    <div class=\"d-flex gap-12 align-center\">\n                                                                                    <img decoding=\"async\" class=\"id-photo\" src=\"https:\/\/www.ampere.cars\/app\/uploads\/2023\/11\/logo-ampere-fond-noir.jpg\" alt=\"logo ampere\">\n                                                                                <div class=\"d-flex column gap-4 infos\">\n                                                                                            <p class=\"w-600 l-100\">Ampere<\/p>\n                                                                                                                                        <p class=\"txt-10 l-100 w-400 wix ls-1 text-uppercase\">14 Nov. 2025<\/p>\n                                                                                    <\/div>\n                                    <\/div>\n                                                                            <a class=\"stretched-link\" href=\"https:\/\/www.linkedin.com\/feed\/update\/urn:li:activity:7395014990799327232\/\" target=\"_blank\" aria-label=\"linkedin\">\n                                                                                            <svg class=\"c-black icon-linkedin\">\n                                                    <use xlink:href=\"#icon-linkedin\"><\/use>\n                                                <\/svg>\n                                                                                    <\/a>\n                                                                    <\/div>\n                                                                    <div class=\"picture mb-3\">\n                                        <img decoding=\"async\" src=\"https:\/\/www.ampere.cars\/app\/uploads\/2025\/11\/Ampere_centrale.jpg\" alt=\"Ampere_centrale\">\n                                    <\/div>\n                                                                    <div class=\"content-text\">\n                                        <p>Ampere &amp; Centrale Nantes \ud83d\udc49an alliance accelerating electric mobility!<\/p>\n                                    <\/div>\n                                                            <\/div>\n\n                        <\/li>\n                                                                <li class=\"column relative card-social hide\" inert>\n                            <div>\n                                <div class=\"d-flex justify-between mb-3 top\">\n                                    <div class=\"d-flex gap-12 align-center\">\n                                                                                    <img decoding=\"async\" class=\"id-photo\" src=\"https:\/\/www.ampere.cars\/app\/uploads\/2023\/11\/logo-ampere-fond-noir.jpg\" alt=\"logo ampere\">\n                                                                                <div class=\"d-flex column gap-4 infos\">\n                                                                                            <p class=\"w-600 l-100\">Ampere<\/p>\n                                                                                                                                        <p class=\"txt-10 l-100 w-400 wix ls-1 text-uppercase\">07 Nov. 2025<\/p>\n                                                                                    <\/div>\n                                    <\/div>\n                                                                            <a class=\"stretched-link\" href=\"https:\/\/www.linkedin.com\/feed\/update\/urn:li:activity:7392608025766924291\/\" target=\"\" aria-label=\"linkedin\">\n                                                                                            <svg class=\"c-black icon-linkedin\">\n                                                    <use xlink:href=\"#icon-linkedin\"><\/use>\n                                                <\/svg>\n                                                                                    <\/a>\n                                                                    <\/div>\n                                                                    <div class=\"picture mb-3\">\n                                        <img decoding=\"async\" src=\"https:\/\/www.ampere.cars\/app\/uploads\/2025\/11\/R-DAM_1712109.jpg\" alt=\"RENAULT TWINGO E-TECH ELECTRIC\">\n                                    <\/div>\n                                                                    <div class=\"content-text\">\n                                        <p>\ud83d\udc38Twingo E-Tech electric: Ampere rises to the challenge of developing an affordable urban electric vehicle in less than 2 years<\/p>\n<p>The challenge<br \/>\nbalancing competitiveness, compliance with regulations, and customer expectations, where many have given up.<\/p>\n<p>Learn more&#8230;<\/p>\n                                    <\/div>\n                                                            <\/div>\n\n                        <\/li>\n                                                                <li class=\"column relative card-social hide\" inert>\n                            <div>\n                                <div class=\"d-flex justify-between mb-3 top\">\n                                    <div class=\"d-flex gap-12 align-center\">\n                                                                                    <img decoding=\"async\" class=\"id-photo\" src=\"https:\/\/www.ampere.cars\/app\/uploads\/2023\/11\/logo-ampere-fond-noir.jpg\" alt=\"logo ampere\">\n                                                                                <div class=\"d-flex column gap-4 infos\">\n                                                                                            <p class=\"w-600 l-100\">Ampere<\/p>\n                                                                                                                                        <p class=\"txt-10 l-100 w-400 wix ls-1 text-uppercase\">31 Oct. 2025<\/p>\n                                                                                    <\/div>\n                                    <\/div>\n                                                                            <a class=\"stretched-link\" href=\"https:\/\/www.linkedin.com\/feed\/update\/urn:li:activity:7390076900569673728\/\" target=\"_blank\" aria-label=\"linkedin\">\n                                                                                            <svg class=\"c-black icon-linkedin\">\n                                                    <use xlink:href=\"#icon-linkedin\"><\/use>\n                                                <\/svg>\n                                                                                    <\/a>\n                                                                    <\/div>\n                                                                    <div class=\"picture mb-3\">\n                                        <img decoding=\"async\" src=\"https:\/\/www.ampere.cars\/app\/uploads\/2025\/12\/1761931632599.jpg\" alt=\"Renault 4 E-Tech electric among 7 finalists for Car of The Year 2026\">\n                                    <\/div>\n                                                                    <div class=\"content-text\">\n                                        <p>\ud83d\ude0dRenault 4 E-Tech electric among 7 finalists for Car of The Year 2026<\/p>\n<p>A jury made up of 57 journalists from 23 countries tested and assessed a total of 35 vehicles before shortlisting the seven finalists.<\/p>\n<p>Renault 4 E-Tech electric as a finalist \ud83d\udc49 This is a great recognition of the work done by the Ampere teams to make it a truly livable and high-performing car.<\/p>\n<p>Thank you and congrats all, and see you on January 9, 2026, at the Brussels Motor Show to find out which vehicle takes the top\ud83c\udfc6 !<\/p>\n<p>#Coty<\/p>\n                                    <\/div>\n                                                            <\/div>\n\n                        <\/li>\n                                                                <li class=\"column relative card-social hide\" inert>\n                            <div>\n                                <div class=\"d-flex justify-between mb-3 top\">\n                                    <div class=\"d-flex gap-12 align-center\">\n                                                                                    <img decoding=\"async\" class=\"id-photo\" src=\"https:\/\/www.ampere.cars\/app\/uploads\/2023\/11\/logo-ampere-fond-noir.jpg\" alt=\"logo ampere\">\n                                                                                <div class=\"d-flex column gap-4 infos\">\n                                                                                            <p class=\"w-600 l-100\">Ampere<\/p>\n                                                                                                                                        <p class=\"txt-10 l-100 w-400 wix ls-1 text-uppercase\">30 Oct. 2025<\/p>\n                                                                                    <\/div>\n                                    <\/div>\n                                                                            <a class=\"stretched-link\" href=\"https:\/\/www.linkedin.com\/feed\/update\/urn:li:activity:7389934236327391232\/\" target=\"_blank\" aria-label=\"linkedin\">\n                                                                                            <svg class=\"c-black icon-linkedin\">\n                                                    <use xlink:href=\"#icon-linkedin\"><\/use>\n                                                <\/svg>\n                                                                                    <\/a>\n                                                                    <\/div>\n                                                                    <div class=\"picture mb-3\">\n                                        <img decoding=\"async\" src=\"https:\/\/www.ampere.cars\/app\/uploads\/2025\/11\/AMPERE_EXE_NEWS_PLACEHOLDER_1920x1080px_07.webp\" alt=\"AMPERE_EXE_NEWS_PLACEHOLDER_1920x1080px_07\">\n                                    <\/div>\n                                                                    <div class=\"content-text\">\n                                        <p>\ud83d\udd0b Charging isn\u2019t just about plugging in, it\u2019s about unlocking new possibilities.<\/p>\n<p>At Ampere, we\u2019re building a smart, sustainable charging ecosystem that goes far beyond the basics. From bidirectional home charging to seamless on-the-go experiences, our technologies are designed to simplify everyday life and create real value.<\/p>\n<p>\u26a1 At home, your electric vehicle can power your house, support the grid, or serve as a mobile energy source.<\/p>\n<p>\ud83d\ude97 On the road, Plug &amp; Charge and our intelligent Electronic Route Planner make charging effortless and intuitive.<\/p>\n<p>Learn more&#8230;<\/p>\n                                    <\/div>\n                                                            <\/div>\n\n                        <\/li>\n                                                                <li class=\"column relative card-social hide\" inert>\n                            <div>\n                                <div class=\"d-flex justify-between mb-3 top\">\n                                    <div class=\"d-flex gap-12 align-center\">\n                                                                                    <img decoding=\"async\" class=\"id-photo\" src=\"https:\/\/www.ampere.cars\/app\/uploads\/2023\/11\/logo-ampere-fond-noir.jpg\" alt=\"logo ampere\">\n                                                                                <div class=\"d-flex column gap-4 infos\">\n                                                                                            <p class=\"w-600 l-100\">Ampere<\/p>\n                                                                                                                                        <p class=\"txt-10 l-100 w-400 wix ls-1 text-uppercase\">30 Oct. 2025<\/p>\n                                                                                    <\/div>\n                                    <\/div>\n                                                                            <a class=\"stretched-link\" href=\"https:\/\/www.linkedin.com\/feed\/update\/urn:li:activity:7389663387191762944\" target=\"_blank\" aria-label=\"linkedin\">\n                                                                                            <svg class=\"c-black icon-linkedin\">\n                                                    <use xlink:href=\"#icon-linkedin\"><\/use>\n                                                <\/svg>\n                                                                                    <\/a>\n                                                                    <\/div>\n                                                                    <div class=\"picture mb-3\">\n                                        <img decoding=\"async\" src=\"https:\/\/www.ampere.cars\/app\/uploads\/2025\/10\/R-DAM_1709838.jpg\" alt=\"R-DAM_1709838\">\n                                    <\/div>\n                                                                    <div class=\"content-text\">\n                                        <p>\ud83d\udd0bAmpere accelerates on next-generation batteries<\/p>\n<p>1 month after inaugurating its Battery Cell Innovation Lab at the Lardy Technical Center, Ampere is launching its first partnership with Stratus Materials Inc. to test the cobalt-free LXMOTM cathode technology in future electric vehicles from Renault Group.<\/p>\n<p>Why are we interested in this technology?<\/p>\n<p>Learn more&#8230;<\/p>\n                                    <\/div>\n                                                            <\/div>\n\n                        <\/li>\n                                                                <li class=\"column relative card-social hide\" inert>\n                            <div>\n                                <div class=\"d-flex justify-between mb-3 top\">\n                                    <div class=\"d-flex gap-12 align-center\">\n                                                                                    <img decoding=\"async\" class=\"id-photo\" src=\"https:\/\/www.ampere.cars\/app\/uploads\/2023\/11\/logo-ampere-fond-noir.jpg\" alt=\"logo ampere\">\n                                                                                <div class=\"d-flex column gap-4 infos\">\n                                                                                            <p class=\"w-600 l-100\">Ampere<\/p>\n                                                                                                                                        <p class=\"txt-10 l-100 w-400 wix ls-1 text-uppercase\">29 Oct. 2025<\/p>\n                                                                                    <\/div>\n                                    <\/div>\n                                                                            <a class=\"stretched-link\" href=\"https:\/\/www.linkedin.com\/feed\/update\/urn:li:activity:7389302888260448256\" target=\"_blank\" aria-label=\"linkedin\">\n                                                                                            <svg class=\"c-black icon-linkedin\">\n                                                    <use xlink:href=\"#icon-linkedin\"><\/use>\n                                                <\/svg>\n                                                                                    <\/a>\n                                                                    <\/div>\n                                                                    <div class=\"picture mb-3\">\n                                        <img decoding=\"async\" src=\"https:\/\/www.ampere.cars\/app\/uploads\/2025\/11\/AMPERE_EXE_NEWS_PLACEHOLDER_1920x1080px_07.webp\" alt=\"AMPERE_EXE_NEWS_PLACEHOLDER_1920x1080px_07\">\n                                    <\/div>\n                                                                    <div class=\"content-text\">\n                                        <div class=\"feed-shared-update-v2__description-wrapper mr2\" tabindex=\"-1\">\n<div class=\"feed-shared-inline-show-more-text feed-shared-update-v2__description feed-shared-inline-show-more-text--minimal-padding feed-shared-inline-show-more-text--3-lines feed-shared-inline-show-more-text--expanded \" tabindex=\"-1\">\n<div class=\"update-components-text relative update-components-update-v2__commentary \" dir=\"ltr\">\n<p>From the #Twingo to the NEV Ecosystem: Accelerating Technology with China, the Ampere Way \ud83c\udde8\ud83c\uddf3<\/p>\n<p>We had the pleasure of opening the doors of ACDC, our technology center in China, to journalists and influencers, to showcase how Renault Group combines European engineering excellence with Chinese agility and speed.<\/p>\n<p>ACDC is much more than an R&amp;D center. It\u2019s a catalyst for innovation, a hub building an ecosystem around New Energy Vehicles (NEVs), and a key contributor to our teams in Europe and our remote engineering centers.<\/p>\n<p>Learn more&#8230;<\/p>\n<\/div>\n<\/div>\n<\/div>\n                                    <\/div>\n                                                            <\/div>\n\n                        <\/li>\n                                                                <li class=\"column relative card-social hide\" inert>\n                            <div>\n                                <div class=\"d-flex justify-between mb-3 top\">\n                                    <div class=\"d-flex gap-12 align-center\">\n                                                                                    <img decoding=\"async\" class=\"id-photo\" src=\"https:\/\/www.ampere.cars\/app\/uploads\/2023\/11\/logo-ampere-fond-noir.jpg\" alt=\"logo ampere\">\n                                                                                <div class=\"d-flex column gap-4 infos\">\n                                                                                            <p class=\"w-600 l-100\">Ampere<\/p>\n                                                                                                                                        <p class=\"txt-10 l-100 w-400 wix ls-1 text-uppercase\">14 Oct. 2025<\/p>\n                                                                                    <\/div>\n                                    <\/div>\n                                                                            <a class=\"stretched-link\" href=\"https:\/\/www.linkedin.com\/feed\/update\/urn:li:activity:7384505988231450624\" target=\"_blank\" aria-label=\"linkedin\">\n                                                                                            <svg class=\"c-black icon-linkedin\">\n                                                    <use xlink:href=\"#icon-linkedin\"><\/use>\n                                                <\/svg>\n                                                                                    <\/a>\n                                                                    <\/div>\n                                                                    <div class=\"picture mb-3\">\n                                        <img decoding=\"async\" src=\"https:\/\/www.ampere.cars\/app\/uploads\/2025\/12\/1760435900186.jpg\" alt=\"Nissan Micra\">\n                                    <\/div>\n                                                                    <div class=\"content-text\">\n                                        <p>We are proud that the new\u00a0#Nissan\u00a0Micra is built on the #AmpRSmall platform \u2014 #Ampere\u2019s cutting-edge architecture designed to deliver maximum efficiency, performance, and scalability.<\/p>\n                                    <\/div>\n                                                            <\/div>\n\n                        <\/li>\n                                                                <li class=\"column relative card-social hide\" inert>\n                            <div>\n                                <div class=\"d-flex justify-between mb-3 top\">\n                                    <div class=\"d-flex gap-12 align-center\">\n                                                                                    <img decoding=\"async\" class=\"id-photo\" src=\"https:\/\/www.ampere.cars\/app\/uploads\/2023\/11\/logo-ampere-fond-noir.jpg\" alt=\"logo ampere\">\n                                                                                <div class=\"d-flex column gap-4 infos\">\n                                                                                            <p class=\"w-600 l-100\">Ampere<\/p>\n                                                                                                                                        <p class=\"txt-10 l-100 w-400 wix ls-1 text-uppercase\">08 Oct. 2025<\/p>\n                                                                                    <\/div>\n                                    <\/div>\n                                                                            <a class=\"stretched-link\" href=\"https:\/\/www.linkedin.com\/feed\/update\/urn:li:activity:7381689112552054784\" target=\"_blank\" aria-label=\"x\">\n                                                                                            <svg class=\"c-black icon-x\">\n                                                    <use xlink:href=\"#icon-x\"><\/use>\n                                                <\/svg>\n                                                                                    <\/a>\n                                                                    <\/div>\n                                                                    <div class=\"picture mb-3\">\n                                        <img decoding=\"async\" src=\"https:\/\/www.ampere.cars\/app\/uploads\/2025\/12\/1759931827467.jpg\" alt=\"Twingo E-Tech Electric\">\n                                    <\/div>\n                                                                    <div class=\"content-text\">\n                                        <p>\ud83d\udc38Less than 30 days to go\u00a0before meeting Twingo E-Tech electric<\/p>\n<p>\u2026To rediscover the spirit and DNA of the iconic 1993 Twingo, ultra-modernized and brilliantly designed for urban life.<\/p>\n<p>\u2026To explore an electric vehicle engineered by Ampere teams !!<\/p>\n<p>Faster, better, stronger!\ud83d\ude80\ud83d\udcaa\u2728<\/p>\n<p>Renault Group<br \/>\n#Twingo<\/p>\n                                    <\/div>\n                                                            <\/div>\n\n                        <\/li>\n                                    <li class=\"grid-sizer\"><\/li>\n            <\/ul>\n                <nav class=\"col-12 mt-4 disable\" role=\"navigation\" aria-label=\"Posts pagination\">\n            <ul class=\"d-flex gap-10\">\n            <\/ul>\n        <\/nav>\n    <\/div>\n<\/div>\n\n\n\n\n<!-- Com -->\n<!-- Com 2 -->\n<div id=\"acf-block-677fa57aa2bcb\" class=\"cp-slider-events teq-container pt-10 pb-10 relative anim-bg \" data-color=\"black\">\n  <div class=\"teq-row max-w column\">\n      <div class=\"animShowText\" data-from=\"bottom\">\n                  <h3 class=\"txt-22 ls-8 l-120 w-700 wix text-uppercase col-12 col-lg-5  col-12\">\n            Events          <\/h3>\n        \n              <\/div>\n          <div class=\"swiper col-12 mt-6\">\n        <div class=\"swiper-wrapper align-stretch mb-8\">\n                                <div class=\"swiper-slide card-wrapper py-5 px-5 relative  custom-cursor cursor-drag\">\n                              <p class=\"date wix text-uppercase txt-10 w-400 l-100 ls-3\">30 Oct.24<\/p>\n                                            <p class=\"txt-18 w-600 l-140 mt-4 \">Ampere Day 2024<\/p>\n              \n                              <div class=\"mt-3 mb-7 description\"><p>One year after its launch, Ampere shares the major advancements made to take the lead in Europe. Going beyond electric vehicles to net zero mobility, Ampere unveils the work done to address a major engineering and innovation challenge giving birth to Renault Embl\u00e8me demo car.<\/p>\n<\/div>\n                            \n                                  <a onclick='window.dataLayer.push({\"brand\":\"Amp\u00e8re\",\"pageName\":\"Ampere's news\",\"pageType\":\"page\",\"countryCode\":null,\"languageCode\":\"en_US\",\"virtualPageName\":\"Ampere's news\",\"event\":\"navigationClick\",\"buttonText\":\"Carrousel_Discover the demo car\"})'  href=\"https:\/\/www.ampere.cars\/en\/news\/renault-emblem-a-demonstrator-of-ampere-technologies-for-decarbonization\/\" target=\"\" class=\"c-white txt-11 w-700 no-cursor text-uppercase d-flex align-center gap-4 relative width-fit external-link\" aria-label=\"Discover the demo car\">\n                    Discover the demo car                    <svg class=\"icon-new-tab\" >\n                      <use xlink:href=\"#icon-new-tab\"><\/use>\n                    <\/svg>\n                  <\/a>\n                              \n            <\/div>\n                                <div class=\"swiper-slide card-wrapper py-5 px-5 relative  custom-cursor cursor-drag\">\n                              <p class=\"date wix text-uppercase txt-10 w-400 l-100 ls-3\">14 Oct.24<\/p>\n                                            <p class=\"txt-18 w-600 l-140 mt-4 \">Paris Motor Show 2024<\/p>\n              \n                              <div class=\"mt-3 mb-7 description\"><p>Alongside the Twingo E-Tech electric Prototype and Renault 5 E-Tech electric, the first examples of which will be delivered before end of 2024, the Renault 4 E-Tech electric was unveiled as a world premiere at the show.<\/p>\n<p>\u2026 Three models powered by Ampere!<\/p>\n<\/div>\n                            \n                                  <a onclick='window.dataLayer.push({\"brand\":\"Amp\u00e8re\",\"pageName\":\"Ampere's news\",\"pageType\":\"page\",\"countryCode\":null,\"languageCode\":\"en_US\",\"virtualPageName\":\"Ampere's news\",\"event\":\"navigationClick\",\"buttonText\":\"Carrousel_Relive the Renault press conference\"})'  href=\"https:\/\/events.renault.com\/en\/\" target=\"_blank\" class=\"c-white txt-11 w-700 no-cursor text-uppercase d-flex align-center gap-4 relative width-fit external-link\" aria-label=\"Relive the Renault press conference\">\n                    Relive the Renault press conference                    <svg class=\"icon-new-tab\" >\n                      <use xlink:href=\"#icon-new-tab\"><\/use>\n                    <\/svg>\n                  <\/a>\n                              \n            <\/div>\n                                <div class=\"swiper-slide card-wrapper py-5 px-5 relative  custom-cursor cursor-drag\">\n                              <p class=\"date wix text-uppercase txt-10 w-400 l-100 ls-3\">26 Feb.24<\/p>\n                                            <p class=\"txt-18 w-600 l-140 mt-4 \">2024 Geneva International Motor Show<\/p>\n              \n                              <div class=\"mt-3 mb-7 description\"><p>Renault has unveilsed Renault 5 E-Tech electric for the world in Geneva from 26 February to 3 March. Onboarding Ampere\u2019s expertise, Renault 5 E-Tech electric is the first model to take advantage of the new AmpR Small platform dedicated to B-segment EV, and to embark the electric\u2019s new motor, bidirectional charger and optimised battery.<\/p>\n<\/div>\n                            \n                                  <a onclick='window.dataLayer.push({\"brand\":\"Amp\u00e8re\",\"pageName\":\"Ampere's news\",\"pageType\":\"page\",\"countryCode\":null,\"languageCode\":\"en_US\",\"virtualPageName\":\"Ampere's news\",\"event\":\"navigationClick\",\"buttonText\":\"Carrousel_Relive the event\"})'  href=\"https:\/\/events.renault.com\/en\/reveal-renault-5-e-tech-electric\/\" target=\"_blank\" class=\"c-white txt-11 w-700 no-cursor text-uppercase d-flex align-center gap-4 relative width-fit external-link\" aria-label=\"Relive the event\">\n                    Relive the event                    <svg class=\"icon-new-tab\" >\n                      <use xlink:href=\"#icon-new-tab\"><\/use>\n                    <\/svg>\n                  <\/a>\n                              \n            <\/div>\n                                <div class=\"swiper-slide card-wrapper py-5 px-5 relative  custom-cursor cursor-drag\">\n                              <p class=\"date wix text-uppercase txt-10 w-400 l-100 ls-3\">26 Feb.24<\/p>\n                                            <p class=\"txt-18 w-600 l-140 mt-4 \">Scenic E-Tech electric voted the car of the year- 2024<\/p>\n              \n                              <div class=\"mt-3 mb-7 description\"><p><span class=\"ui-provider ee bqb bqc bqd bqe bqf bqg bqh bqi bqj bqk bql bqm bqn bqo bqp bqq bqr bqs bqt bqu bqv bqw bqx bqy bqz bra brb brc brd bre brf brg brh bri\" dir=\"ltr\">The trophy winner was chosen by a jury of 58 motoring journalists from 22 countries. Scenic came in first place with 329 points, thus becoming the seventh Renault vehicle to be donned with the prestigious title \u2018The Car of the Year\u2019, following the Renault 16 (1966), Renault 9 (1982), Clio (1991), Scenic (1997), Megane (2003), and Clio (2006).<\/span><\/p>\n<\/div>\n                            \n                                  <a onclick='window.dataLayer.push({\"brand\":\"Amp\u00e8re\",\"pageName\":\"Ampere's news\",\"pageType\":\"page\",\"countryCode\":null,\"languageCode\":\"en_US\",\"virtualPageName\":\"Ampere's news\",\"event\":\"navigationClick\",\"buttonText\":\"Carrousel_Read more\"})'  href=\"https:\/\/media.renault.com\/scenic-e-tech-electric-voted-the-car-of-the-year-2024?lang=eng\" target=\"_blank\" class=\"c-white txt-11 w-700 no-cursor text-uppercase d-flex align-center gap-4 relative width-fit external-link\" aria-label=\"Read more\">\n                    Read more                    <svg class=\"icon-new-tab\" >\n                      <use xlink:href=\"#icon-new-tab\"><\/use>\n                    <\/svg>\n                  <\/a>\n                              \n            <\/div>\n                                <div class=\"swiper-slide card-wrapper py-5 px-5 relative  custom-cursor cursor-drag\">\n                              <p class=\"date wix text-uppercase txt-10 w-400 l-100 ls-3\">15 Nov.23<\/p>\n                                            <p class=\"txt-18 w-600 l-140 mt-4 \">2023 Capital Market Day<\/p>\n              \n                              <div class=\"mt-3 mb-7 description\"><p>Renault Group\u2019s last Capital Market Day was dedicated to Ampere: an opportunity to introduce lots of exciting news for the future of electric vehicles and software. Check out the highlights and see what\u2019s next for the Renaulution.<\/p>\n<\/div>\n                            \n                                  <a onclick='window.dataLayer.push({\"brand\":\"Amp\u00e8re\",\"pageName\":\"Ampere's news\",\"pageType\":\"page\",\"countryCode\":null,\"languageCode\":\"en_US\",\"virtualPageName\":\"Ampere's news\",\"event\":\"navigationClick\",\"buttonText\":\"Carrousel_Relive the event\"})'  href=\"https:\/\/events.renaultgroup.com\/en\/cmd-ampere-2023\/\" target=\"_blank\" class=\"c-white txt-11 w-700 no-cursor text-uppercase d-flex align-center gap-4 relative width-fit external-link\" aria-label=\"Relive the event\">\n                    Relive the event                    <svg class=\"icon-new-tab\" >\n                      <use xlink:href=\"#icon-new-tab\"><\/use>\n                    <\/svg>\n                  <\/a>\n                              \n            <\/div>\n                  <\/div>\n        <div class=\"swiper-pagination d-flex align-center justify-center gap-12\"><\/div>\n      <\/div>\n    \n  <\/div>\n<\/div>\n\n\n\n\n\n<div id=\"acf-block-677fa57aa2c02\" class=\"teq-container cp-contact menu-change anim-bg relative bg-c-black  \" data-color=\"black\">\n    <div class=\"teq-row max-w relative container\">\n        <div class=\"col-12 content animShowText\" data-from=\"bottom\">\n\n                            <h2 class=\"txt-32 wix c-white text-uppercase w-400 l-130 ls-10 ls-lg-13\">\n                    <p>Contact<br \/>\n<strong>Ampere<\/strong><\/p>\n                <\/h2>\n            \n                            <div class=\"d-flex column c-white row-lg align-center align-lg-start gap-20 mt-5 buttons-container\">\n\n                                                <a href=\"mailto:contact@ampere.cars\" class=\"btn-ampere no-change c-white white width-fit\">\n                                E-MAIL US                            <\/a>\n                        \n                <\/div>\n                                        <div class=\"txt-12 c-white legal\">\n                    <p>Your personal data are processed by AMPERE SAS as data controller, for the purposes of managing and answering your questions. To find out more about the use of your personal data by AMPERE SAS and the rights you have over your data, we invite you to click <a href=\"https:\/\/www.ampere.cars\/en\/privacy-policy\/\">here<\/a>.<\/p>\n                <\/div>\n                    <\/div>\n    <\/div>\n    <div class=\"teq-row height-100 align-center container-morphing\">\n        <div class=\"morphing width-100\">\n            <svg xmlns=\"http:\/\/www.w3.org\/2000\/svg\"\n     overflow=\"visible\"\n\n     viewBox=\"0 0 593.2 533.5\"\n     class=\"morph4\"\n>\n    <defs>\n        <linearGradient id=\"paint0_linear_2335_1166\" x1=\"-389.11\" y1=\"449.97\" x2=\"944.22\" y2=\"449.97\"\n                        gradientUnits=\"userSpaceOnUse\">\n            <stop offset=\"0.4\" stop-color=\"#E2D0D0\"\/>\n            <stop offset=\"0.52\" stop-color=\"#79E0FF\"\/>\n            <stop offset=\"0.64\" stop-color=\"#FF94FF\"\/>\n            <stop offset=\"0.76\" stop-color=\"#9978FF\"\/>\n            <stop offset=\"1\" stop-color=\"#8088FF\"\/>\n        <\/linearGradient>\n    <\/defs>\n    <g id=\"a\">\n        <polygon class=\"st0\" points=\"528.8,266.5 267,420.1 4.4,266.5 267.4,112.6 \t\"\/>\n        <polygon class=\"st0\" points=\"268.2,423.2 10.9,266.5 268.5,109.5 524.6,266.5 \t\"\/>\n        <polygon class=\"st0\" points=\"269.3,426.4 17.3,266.5 269.6,106.3 520.5,266.5 \t\"\/>\n        <polygon class=\"st0\" points=\"270.4,429.6 23.7,266.6 270.7,103.2 516.4,266.6 \t\"\/>\n        <polygon class=\"st0\" points=\"271.5,432.7 30.1,266.6 271.8,100.1 512.2,266.6 \t\"\/>\n        <polygon class=\"st0\" points=\"272.6,435.9 36.5,266.6 273,96.9 508.1,266.6 \t\"\/>\n        <polygon class=\"st0\" points=\"273.7,439.1 42.9,266.6 274.1,93.8 503.9,266.6 \t\"\/>\n        <polygon class=\"st0\" points=\"274.9,442.2 49.3,266.6 275.2,90.7 499.8,266.6 \t\"\/>\n        <polygon class=\"st0\" points=\"276,445.4 55.8,266.7 276.3,87.5 495.6,266.7 \t\"\/>\n        <polygon class=\"st0\" points=\"277.1,448.6 62.2,266.7 277.4,84.4 491.5,266.7 \t\"\/>\n        <polygon class=\"st0\" points=\"278.2,451.7 68.6,266.7 278.5,81.3 487.4,266.7 \t\"\/>\n        <polygon class=\"st0\" points=\"279.4,454.9 75,266.7 279.7,78.1 483.2,266.7 \t\"\/>\n        <polygon class=\"st0\" points=\"280.5,458.1 81.4,266.7 280.8,75 479.1,266.7 \t\"\/>\n        <polygon class=\"st0\" points=\"281.6,461.2 87.8,266.8 281.9,71.9 474.9,266.8 \t\"\/>\n        <polygon class=\"st0\" points=\"282.7,464.4 94.2,266.8 283,68.7 470.8,266.8 \t\"\/>\n        <polygon class=\"st0\" points=\"283.8,467.6 100.7,266.8 284.1,65.6 466.7,266.8 \t\"\/>\n        <polygon class=\"st0\" points=\"285,470.7 107.1,266.8 285.2,62.5 462.5,266.8 \t\"\/>\n        <polygon class=\"st0\" points=\"286.1,473.9 113.5,266.8 286.4,59.3 458.4,266.8 \t\"\/>\n        <polygon class=\"st0\" points=\"287.2,477.1 119.9,266.9 287.5,56.2 454.2,266.9 \t\"\/>\n        <polygon class=\"st0\" points=\"288.3,480.2 126.3,266.9 288.6,53.1 450.1,266.9 \t\"\/>\n        <polygon class=\"st0\" points=\"289.4,483.4 132.7,266.9 289.7,49.9 446,266.9 \t\"\/>\n        <polygon class=\"st0\" points=\"290.6,486.6 139.1,266.9 290.8,46.8 441.8,266.9 \t\"\/>\n        <polygon class=\"st0\" points=\"291.7,489.7 145.6,266.9 291.9,43.7 437.7,266.9 \t\"\/>\n        <polygon class=\"st0\" points=\"292.8,492.9 152,267 293.1,40.5 433.5,267 \t\"\/>\n        <polygon class=\"st0\" points=\"293.9,496.1 158.4,267 294.2,37.4 429.4,267 \t\"\/>\n        <polygon class=\"st0\" points=\"295,499.2 164.8,267 295.3,34.3 425.2,267 \t\"\/>\n        <polygon class=\"st0\" points=\"296.2,502.4 421.1,267 296.4,31.1 171.2,267 \t\"\/>\n    <\/g>\n    <g id=\"b\">\n        <polygon class=\"st1\" points=\"296.9,528.9 143.3,267.2 296.9,4.6 450.8,267.5 \t\"\/>\n        <polygon class=\"st1\" points=\"140.1,268.3 296.9,11 453.9,268.6 296.9,524.8 \t\"\/>\n        <polygon class=\"st1\" points=\"137,269.4 296.8,17.4 457,269.7 296.8,520.6 \t\"\/>\n        <polygon class=\"st1\" points=\"133.8,270.5 296.8,23.8 460.2,270.9 296.8,516.5 \t\"\/>\n        <polygon class=\"st1\" points=\"130.6,271.7 296.8,30.3 463.3,272 296.8,512.4 \t\"\/>\n        <polygon class=\"st1\" points=\"127.5,272.8 296.8,36.7 466.4,273.1 296.8,508.2 \t\"\/>\n        <polygon class=\"st1\" points=\"124.3,273.9 296.8,43.1 469.6,274.2 296.8,504.1 \t\"\/>\n        <polygon class=\"st1\" points=\"121.1,275 296.7,49.5 472.7,275.3 296.7,499.9 \t\"\/>\n        <polygon class=\"st1\" points=\"118,276.1 296.7,55.9 475.8,276.5 296.7,495.8 \t\"\/>\n        <polygon class=\"st1\" points=\"114.8,277.3 296.7,62.3 479,277.6 296.7,491.7 \t\"\/>\n        <polygon class=\"st1\" points=\"111.6,278.4 296.7,68.7 482.1,278.7 296.7,487.5 \t\"\/>\n        <polygon class=\"st1\" points=\"108.5,279.5 296.7,75.2 485.2,279.8 296.7,483.4 \t\"\/>\n        <polygon class=\"st1\" points=\"105.3,280.6 296.6,81.6 488.4,280.9 296.6,479.2 \t\"\/>\n        <polygon class=\"st1\" points=\"102.1,281.7 296.6,88 491.5,282 296.6,475.1 \t\"\/>\n        <polygon class=\"st1\" points=\"99,282.9 296.6,94.4 494.6,283.2 296.6,470.9 \t\"\/>\n        <polygon class=\"st1\" points=\"95.8,284 296.6,100.8 497.8,284.3 296.6,466.8 \t\"\/>\n        <polygon class=\"st1\" points=\"92.7,285.1 296.6,107.2 500.9,285.4 296.6,462.7 \t\"\/>\n        <polygon class=\"st1\" points=\"89.5,286.2 296.5,113.6 504,286.5 296.5,458.5 \t\"\/>\n        <polygon class=\"st1\" points=\"86.3,287.3 296.5,120.1 507.2,287.6 296.5,454.4 \t\"\/>\n        <polygon class=\"st1\" points=\"83.2,288.5 296.5,126.5 510.3,288.7 296.5,450.2 \t\"\/>\n        <polygon class=\"st1\" points=\"80,289.6 296.5,132.9 513.4,289.9 296.5,446.1 \t\"\/>\n        <polygon class=\"st1\" points=\"76.8,290.7 296.5,139.3 516.6,291 296.5,442 \t\"\/>\n        <polygon class=\"st1\" points=\"73.7,291.8 296.4,145.7 519.7,292.1 296.4,437.8 \t\"\/>\n        <polygon class=\"st1\" points=\"70.5,292.9 296.4,152.1 522.8,293.2 296.4,433.7 \t\"\/>\n        <polygon class=\"st1\" points=\"67.3,294.1 296.4,158.5 526,294.3 296.4,429.5 \t\"\/>\n        <polygon class=\"st1\" points=\"64.2,295.2 296.4,164.9 529.1,295.4 296.4,425.4 \t\"\/>\n        <polygon class=\"st1\" points=\"61,296.3 296.4,421.3 532.2,296.6 296.4,171.4 \t\"\/>\n    <\/g>\n    <g id=\"c\">\n        <polygon class=\"st2\" points=\"64.4,267 326.2,113.4 588.8,267 325.9,420.9 \t\"\/>\n        <polygon class=\"st2\" points=\"325.1,110.3 582.4,267 324.7,424.1 68.6,267 \t\"\/>\n        <polygon class=\"st2\" points=\"324,107.1 575.9,267 323.6,427.2 72.7,267 \t\"\/>\n        <polygon class=\"st2\" points=\"322.8,104 569.5,267 322.5,430.3 76.9,267 \t\"\/>\n        <polygon class=\"st2\" points=\"321.7,100.8 563.1,266.9 321.4,433.5 81,266.9 \t\"\/>\n        <polygon class=\"st2\" points=\"320.6,97.6 556.7,266.9 320.3,436.6 85.2,266.9 \t\"\/>\n        <polygon class=\"st2\" points=\"319.5,94.5 550.3,266.9 319.2,439.7 89.3,266.9 \t\"\/>\n        <polygon class=\"st2\" points=\"318.4,91.3 543.9,266.9 318,442.9 93.4,266.9 \t\"\/>\n        <polygon class=\"st2\" points=\"317.2,88.1 537.5,266.9 316.9,446 97.6,266.9 \t\"\/>\n        <polygon class=\"st2\" points=\"316.1,85 531.1,266.8 315.8,449.1 101.7,266.8 \t\"\/>\n        <polygon class=\"st2\" points=\"315,81.8 524.6,266.8 314.7,452.3 105.9,266.8 \t\"\/>\n        <polygon class=\"st2\" points=\"313.9,78.6 518.2,266.8 313.6,455.4 110,266.8 \t\"\/>\n        <polygon class=\"st2\" points=\"312.8,75.5 511.8,266.8 312.5,458.5 114.1,266.8 \t\"\/>\n        <polygon class=\"st2\" points=\"311.6,72.3 505.4,266.8 311.3,461.7 118.3,266.8 \t\"\/>\n        <polygon class=\"st2\" points=\"310.5,69.1 499,266.8 310.2,464.8 122.4,266.8 \t\"\/>\n        <polygon class=\"st2\" points=\"309.4,66 492.6,266.7 309.1,467.9 126.6,266.7 \t\"\/>\n        <polygon class=\"st2\" points=\"308.3,62.8 486.2,266.7 308,471.1 130.7,266.7 \t\"\/>\n        <polygon class=\"st2\" points=\"307.2,59.6 479.7,266.7 306.9,474.2 134.9,266.7 \t\"\/>\n        <polygon class=\"st2\" points=\"306,56.5 473.3,266.7 305.8,477.3 139,266.7 \t\"\/>\n        <polygon class=\"st2\" points=\"304.9,53.3 466.9,266.7 304.6,480.5 143.1,266.7 \t\"\/>\n        <polygon class=\"st2\" points=\"303.8,50.1 460.5,266.6 303.5,483.6 147.3,266.6 \t\"\/>\n        <polygon class=\"st2\" points=\"302.7,47 454.1,266.6 302.4,486.7 151.4,266.6 \t\"\/>\n        <polygon class=\"st2\" points=\"301.5,43.8 447.7,266.6 301.3,489.9 155.6,266.6 \t\"\/>\n        <polygon class=\"st2\" points=\"300.4,40.6 441.3,266.6 300.2,493 159.7,266.6 \t\"\/>\n        <polygon class=\"st2\" points=\"299.3,37.5 434.8,266.6 299.1,496.1 163.8,266.6 \t\"\/>\n        <polygon class=\"st2\" points=\"298.2,34.3 428.4,266.5 297.9,499.3 168,266.5 \t\"\/>\n        <polygon class=\"st2\" points=\"297.1,31.1 172.1,266.5 296.8,502.4 422,266.5 \t\"\/>\n    <\/g>\n<\/svg>\n\n<svg xmlns=\"http:\/\/www.w3.org\/2000\/svg\"\n     overflow=\"visible\"\n     viewBox=\"0 0 593.2 533.5\"\n     class=\"morph4\"\n>\n    <defs>\n        <linearGradient id=\"paint0_linear_2335_1166\" x1=\"-389.11\" y1=\"449.97\" x2=\"944.22\" y2=\"449.97\"\n                        gradientUnits=\"userSpaceOnUse\">\n            <stop offset=\"0.4\" stop-color=\"#E2D0D0\"\/>\n            <stop offset=\"0.52\" stop-color=\"#79E0FF\"\/>\n            <stop offset=\"0.64\" stop-color=\"#FF94FF\"\/>\n            <stop offset=\"0.76\" stop-color=\"#9978FF\"\/>\n            <stop offset=\"1\" stop-color=\"#8088FF\"\/>\n        <\/linearGradient>\n    <\/defs>\n    <g id=\"a\">\n        <polygon class=\"st0\" points=\"528.8,266.5 267,420.1 4.4,266.5 267.4,112.6 \t\"\/>\n        <polygon class=\"st0\" points=\"268.2,423.2 10.9,266.5 268.5,109.5 524.6,266.5 \t\"\/>\n        <polygon class=\"st0\" points=\"269.3,426.4 17.3,266.5 269.6,106.3 520.5,266.5 \t\"\/>\n        <polygon class=\"st0\" points=\"270.4,429.6 23.7,266.6 270.7,103.2 516.4,266.6 \t\"\/>\n        <polygon class=\"st0\" points=\"271.5,432.7 30.1,266.6 271.8,100.1 512.2,266.6 \t\"\/>\n        <polygon class=\"st0\" points=\"272.6,435.9 36.5,266.6 273,96.9 508.1,266.6 \t\"\/>\n        <polygon class=\"st0\" points=\"273.7,439.1 42.9,266.6 274.1,93.8 503.9,266.6 \t\"\/>\n        <polygon class=\"st0\" points=\"274.9,442.2 49.3,266.6 275.2,90.7 499.8,266.6 \t\"\/>\n        <polygon class=\"st0\" points=\"276,445.4 55.8,266.7 276.3,87.5 495.6,266.7 \t\"\/>\n        <polygon class=\"st0\" points=\"277.1,448.6 62.2,266.7 277.4,84.4 491.5,266.7 \t\"\/>\n        <polygon class=\"st0\" points=\"278.2,451.7 68.6,266.7 278.5,81.3 487.4,266.7 \t\"\/>\n        <polygon class=\"st0\" points=\"279.4,454.9 75,266.7 279.7,78.1 483.2,266.7 \t\"\/>\n        <polygon class=\"st0\" points=\"280.5,458.1 81.4,266.7 280.8,75 479.1,266.7 \t\"\/>\n        <polygon class=\"st0\" points=\"281.6,461.2 87.8,266.8 281.9,71.9 474.9,266.8 \t\"\/>\n        <polygon class=\"st0\" points=\"282.7,464.4 94.2,266.8 283,68.7 470.8,266.8 \t\"\/>\n        <polygon class=\"st0\" points=\"283.8,467.6 100.7,266.8 284.1,65.6 466.7,266.8 \t\"\/>\n        <polygon class=\"st0\" points=\"285,470.7 107.1,266.8 285.2,62.5 462.5,266.8 \t\"\/>\n        <polygon class=\"st0\" points=\"286.1,473.9 113.5,266.8 286.4,59.3 458.4,266.8 \t\"\/>\n        <polygon class=\"st0\" points=\"287.2,477.1 119.9,266.9 287.5,56.2 454.2,266.9 \t\"\/>\n        <polygon class=\"st0\" points=\"288.3,480.2 126.3,266.9 288.6,53.1 450.1,266.9 \t\"\/>\n        <polygon class=\"st0\" points=\"289.4,483.4 132.7,266.9 289.7,49.9 446,266.9 \t\"\/>\n        <polygon class=\"st0\" points=\"290.6,486.6 139.1,266.9 290.8,46.8 441.8,266.9 \t\"\/>\n        <polygon class=\"st0\" points=\"291.7,489.7 145.6,266.9 291.9,43.7 437.7,266.9 \t\"\/>\n        <polygon class=\"st0\" points=\"292.8,492.9 152,267 293.1,40.5 433.5,267 \t\"\/>\n        <polygon class=\"st0\" points=\"293.9,496.1 158.4,267 294.2,37.4 429.4,267 \t\"\/>\n        <polygon class=\"st0\" points=\"295,499.2 164.8,267 295.3,34.3 425.2,267 \t\"\/>\n        <polygon class=\"st0\" points=\"296.2,502.4 421.1,267 296.4,31.1 171.2,267 \t\"\/>\n    <\/g>\n    <g id=\"b\">\n        <polygon class=\"st1\" points=\"296.9,528.9 143.3,267.2 296.9,4.6 450.8,267.5 \t\"\/>\n        <polygon class=\"st1\" points=\"140.1,268.3 296.9,11 453.9,268.6 296.9,524.8 \t\"\/>\n        <polygon class=\"st1\" points=\"137,269.4 296.8,17.4 457,269.7 296.8,520.6 \t\"\/>\n        <polygon class=\"st1\" points=\"133.8,270.5 296.8,23.8 460.2,270.9 296.8,516.5 \t\"\/>\n        <polygon class=\"st1\" points=\"130.6,271.7 296.8,30.3 463.3,272 296.8,512.4 \t\"\/>\n        <polygon class=\"st1\" points=\"127.5,272.8 296.8,36.7 466.4,273.1 296.8,508.2 \t\"\/>\n        <polygon class=\"st1\" points=\"124.3,273.9 296.8,43.1 469.6,274.2 296.8,504.1 \t\"\/>\n        <polygon class=\"st1\" points=\"121.1,275 296.7,49.5 472.7,275.3 296.7,499.9 \t\"\/>\n        <polygon class=\"st1\" points=\"118,276.1 296.7,55.9 475.8,276.5 296.7,495.8 \t\"\/>\n        <polygon class=\"st1\" points=\"114.8,277.3 296.7,62.3 479,277.6 296.7,491.7 \t\"\/>\n        <polygon class=\"st1\" points=\"111.6,278.4 296.7,68.7 482.1,278.7 296.7,487.5 \t\"\/>\n        <polygon class=\"st1\" points=\"108.5,279.5 296.7,75.2 485.2,279.8 296.7,483.4 \t\"\/>\n        <polygon class=\"st1\" points=\"105.3,280.6 296.6,81.6 488.4,280.9 296.6,479.2 \t\"\/>\n        <polygon class=\"st1\" points=\"102.1,281.7 296.6,88 491.5,282 296.6,475.1 \t\"\/>\n        <polygon class=\"st1\" points=\"99,282.9 296.6,94.4 494.6,283.2 296.6,470.9 \t\"\/>\n        <polygon class=\"st1\" points=\"95.8,284 296.6,100.8 497.8,284.3 296.6,466.8 \t\"\/>\n        <polygon class=\"st1\" points=\"92.7,285.1 296.6,107.2 500.9,285.4 296.6,462.7 \t\"\/>\n        <polygon class=\"st1\" points=\"89.5,286.2 296.5,113.6 504,286.5 296.5,458.5 \t\"\/>\n        <polygon class=\"st1\" points=\"86.3,287.3 296.5,120.1 507.2,287.6 296.5,454.4 \t\"\/>\n        <polygon class=\"st1\" points=\"83.2,288.5 296.5,126.5 510.3,288.7 296.5,450.2 \t\"\/>\n        <polygon class=\"st1\" points=\"80,289.6 296.5,132.9 513.4,289.9 296.5,446.1 \t\"\/>\n        <polygon class=\"st1\" points=\"76.8,290.7 296.5,139.3 516.6,291 296.5,442 \t\"\/>\n        <polygon class=\"st1\" points=\"73.7,291.8 296.4,145.7 519.7,292.1 296.4,437.8 \t\"\/>\n        <polygon class=\"st1\" points=\"70.5,292.9 296.4,152.1 522.8,293.2 296.4,433.7 \t\"\/>\n        <polygon class=\"st1\" points=\"67.3,294.1 296.4,158.5 526,294.3 296.4,429.5 \t\"\/>\n        <polygon class=\"st1\" points=\"64.2,295.2 296.4,164.9 529.1,295.4 296.4,425.4 \t\"\/>\n        <polygon class=\"st1\" points=\"61,296.3 296.4,421.3 532.2,296.6 296.4,171.4 \t\"\/>\n    <\/g>\n    <g id=\"c\">\n        <polygon class=\"st2\" points=\"64.4,267 326.2,113.4 588.8,267 325.9,420.9 \t\"\/>\n        <polygon class=\"st2\" points=\"325.1,110.3 582.4,267 324.7,424.1 68.6,267 \t\"\/>\n        <polygon class=\"st2\" points=\"324,107.1 575.9,267 323.6,427.2 72.7,267 \t\"\/>\n        <polygon class=\"st2\" points=\"322.8,104 569.5,267 322.5,430.3 76.9,267 \t\"\/>\n        <polygon class=\"st2\" points=\"321.7,100.8 563.1,266.9 321.4,433.5 81,266.9 \t\"\/>\n        <polygon class=\"st2\" points=\"320.6,97.6 556.7,266.9 320.3,436.6 85.2,266.9 \t\"\/>\n        <polygon class=\"st2\" points=\"319.5,94.5 550.3,266.9 319.2,439.7 89.3,266.9 \t\"\/>\n        <polygon class=\"st2\" points=\"318.4,91.3 543.9,266.9 318,442.9 93.4,266.9 \t\"\/>\n        <polygon class=\"st2\" points=\"317.2,88.1 537.5,266.9 316.9,446 97.6,266.9 \t\"\/>\n        <polygon class=\"st2\" points=\"316.1,85 531.1,266.8 315.8,449.1 101.7,266.8 \t\"\/>\n        <polygon class=\"st2\" points=\"315,81.8 524.6,266.8 314.7,452.3 105.9,266.8 \t\"\/>\n        <polygon class=\"st2\" points=\"313.9,78.6 518.2,266.8 313.6,455.4 110,266.8 \t\"\/>\n        <polygon class=\"st2\" points=\"312.8,75.5 511.8,266.8 312.5,458.5 114.1,266.8 \t\"\/>\n        <polygon class=\"st2\" points=\"311.6,72.3 505.4,266.8 311.3,461.7 118.3,266.8 \t\"\/>\n        <polygon class=\"st2\" points=\"310.5,69.1 499,266.8 310.2,464.8 122.4,266.8 \t\"\/>\n        <polygon class=\"st2\" points=\"309.4,66 492.6,266.7 309.1,467.9 126.6,266.7 \t\"\/>\n        <polygon class=\"st2\" points=\"308.3,62.8 486.2,266.7 308,471.1 130.7,266.7 \t\"\/>\n        <polygon class=\"st2\" points=\"307.2,59.6 479.7,266.7 306.9,474.2 134.9,266.7 \t\"\/>\n        <polygon class=\"st2\" points=\"306,56.5 473.3,266.7 305.8,477.3 139,266.7 \t\"\/>\n        <polygon class=\"st2\" points=\"304.9,53.3 466.9,266.7 304.6,480.5 143.1,266.7 \t\"\/>\n        <polygon class=\"st2\" points=\"303.8,50.1 460.5,266.6 303.5,483.6 147.3,266.6 \t\"\/>\n        <polygon class=\"st2\" points=\"302.7,47 454.1,266.6 302.4,486.7 151.4,266.6 \t\"\/>\n        <polygon class=\"st2\" points=\"301.5,43.8 447.7,266.6 301.3,489.9 155.6,266.6 \t\"\/>\n        <polygon class=\"st2\" points=\"300.4,40.6 441.3,266.6 300.2,493 159.7,266.6 \t\"\/>\n        <polygon class=\"st2\" points=\"299.3,37.5 434.8,266.6 299.1,496.1 163.8,266.6 \t\"\/>\n        <polygon class=\"st2\" points=\"298.2,34.3 428.4,266.5 297.9,499.3 168,266.5 \t\"\/>\n        <polygon class=\"st2\" points=\"297.1,31.1 172.1,266.5 296.8,502.4 422,266.5 \t\"\/>\n    <\/g>\n<\/svg>\n        <\/div>\n    <\/div>\n<\/div>\n\n\n\n<div id=\"acf-block-677fa57aa2c33\" class=\"teq-container cp-mesh anim-bg \" data-color=\"white\">\n            <div class=\"teq-row max-w mb-3 mb-lg-6\">\n            <div class=\"col-12\">\n                <h3 class=\"txt-22 wix w-400 l-120 ls-9 text-uppercase animShowText\" data-from=\"bottom\">\n                    <p>Continue<br \/>\n<strong>exploring<\/strong><\/p>\n                <\/h3>\n            <\/div>\n        <\/div>\n            <ul aria-label=\"Other pages of Amp\u00e8re\" class=\"teq-row max-w colum row-lg justify-center\">\n                            <li class=\"col-12 col-lg-6 mb-5 mb-lg-0\">\n                    <div class=\"relative width-100 height-100 relative\">\n                                                    <div class=\"picture\">\n                                <img decoding=\"async\" class=\"d-flex width-100 height-auto\" src=\"https:\/\/www.ampere.cars\/app\/uploads\/2023\/11\/header-designed-lead.jpg\" alt=\"ampere\">\n                            <\/div>\n                                                                            <a class=\"txt-14 w-700 wix l-120 ls-6 text-uppercase stretched-link mt-2 mt-lg-3 c-black\" href=\"https:\/\/www.ampere.cars\/en\/about-ampere\/\" target=\"\">\n                                Who we are                            <\/a>\n                                            <\/div>\n                <\/li>\n                            <li class=\"col-12 col-lg-6 mb-5 mb-lg-0\">\n                    <div class=\"relative width-100 height-100 relative\">\n                                                    <div class=\"picture\">\n                                <img decoding=\"async\" class=\"d-flex width-100 height-auto\" src=\"https:\/\/www.ampere.cars\/app\/uploads\/2023\/11\/Visuel-rebond-what.jpg\" alt=\"Visuel rebond what\">\n                            <\/div>\n                                                                            <a class=\"txt-14 w-700 wix l-120 ls-6 text-uppercase stretched-link mt-2 mt-lg-3 c-black\" href=\"https:\/\/www.ampere.cars\/en\/what-we-do\/\" target=\"\">\n                                What we do                            <\/a>\n                                            <\/div>\n                <\/li>\n                    <\/ul>\n    <\/div>\n\n","protected":false},"excerpt":{"rendered":"<p>Whether it\u2019s upcoming models, new technologies or the latest happenings within the entity, we\u2019ll keep you up to date on the Ampere universe right here.<\/p>\n","protected":false},"author":3,"featured_media":3850,"parent":0,"menu_order":0,"comment_status":"closed","ping_status":"closed","template":"","meta":{"inline_featured_image":false,"footnotes":""},"acf":[],"yoast_head":"<!-- This site is optimized with the Yoast SEO plugin v21.2 - https:\/\/yoast.com\/wordpress\/plugins\/seo\/ -->\n<title>Ampere&#039;s new shows the future of EV and Software I Ampere.cars<\/title>\n<meta name=\"description\" content=\"Whether it\u2019s new models, evolving technologies or upcoming events, there\u2019s always something exciting happening at Ampere. Stay on top of it all right here!\" \/>\n<meta name=\"robots\" content=\"index, follow, max-snippet:-1, max-image-preview:large, max-video-preview:-1\" \/>\n<link rel=\"canonical\" href=\"https:\/\/www.ampere.cars\/en\/amperes-news\/\" \/>\n<meta property=\"og:locale\" content=\"en_US\" \/>\n<meta property=\"og:type\" content=\"article\" \/>\n<meta property=\"og:title\" content=\"Ampere&#039;s new shows the future of EV and Software I Ampere.cars\" \/>\n<meta property=\"og:description\" content=\"Whether it\u2019s new models, evolving technologies or upcoming events, there\u2019s always something exciting happening at Ampere. Stay on top of it all right here!\" \/>\n<meta property=\"og:url\" content=\"https:\/\/www.ampere.cars\/en\/amperes-news\/\" \/>\n<meta property=\"og:site_name\" content=\"Ampere.cars\" \/>\n<meta property=\"article:modified_time\" content=\"2026-01-16T11:11:39+00:00\" \/>\n<meta property=\"og:image\" content=\"https:\/\/www.ampere.cars\/app\/uploads\/2023\/11\/MicrosoftTeams-image-4.jpg\" \/>\n\t<meta property=\"og:image:width\" content=\"2500\" \/>\n\t<meta property=\"og:image:height\" content=\"1667\" \/>\n\t<meta property=\"og:image:type\" content=\"image\/jpeg\" \/>\n<meta name=\"twitter:card\" content=\"summary_large_image\" \/>\n<meta name=\"twitter:label1\" content=\"Est. reading time\" \/>\n\t<meta name=\"twitter:data1\" content=\"1 minute\" \/>\n<script type=\"application\/ld+json\" class=\"yoast-schema-graph\">{\"@context\":\"https:\/\/schema.org\",\"@graph\":[{\"@type\":\"WebPage\",\"@id\":\"https:\/\/www.ampere.cars\/en\/amperes-news\/\",\"url\":\"https:\/\/www.ampere.cars\/en\/amperes-news\/\",\"name\":\"Ampere's new shows the future of EV and Software I Ampere.cars\",\"isPartOf\":{\"@id\":\"https:\/\/www.ampere.cars\/en\/#website\"},\"datePublished\":\"2023-10-09T08:48:46+00:00\",\"dateModified\":\"2026-01-16T11:11:39+00:00\",\"description\":\"Whether it\u2019s new models, evolving technologies or upcoming events, there\u2019s always something exciting happening at Ampere. Stay on top of it all right here!\",\"breadcrumb\":{\"@id\":\"https:\/\/www.ampere.cars\/en\/amperes-news\/#breadcrumb\"},\"inLanguage\":\"en-US\",\"potentialAction\":[{\"@type\":\"ReadAction\",\"target\":[\"https:\/\/www.ampere.cars\/en\/amperes-news\/\"]}]},{\"@type\":\"BreadcrumbList\",\"@id\":\"https:\/\/www.ampere.cars\/en\/amperes-news\/#breadcrumb\",\"itemListElement\":[{\"@type\":\"ListItem\",\"position\":1,\"name\":\"Home\",\"item\":\"https:\/\/www.ampere.cars\/en\/\"},{\"@type\":\"ListItem\",\"position\":2,\"name\":\"Ampere&#8217;s news\"}]},{\"@type\":\"WebSite\",\"@id\":\"https:\/\/www.ampere.cars\/en\/#website\",\"url\":\"https:\/\/www.ampere.cars\/en\/\",\"name\":\"Ampere.cars\",\"description\":\"\",\"potentialAction\":[{\"@type\":\"SearchAction\",\"target\":{\"@type\":\"EntryPoint\",\"urlTemplate\":\"https:\/\/www.ampere.cars\/en\/?s={search_term_string}\"},\"query-input\":\"required name=search_term_string\"}],\"inLanguage\":\"en-US\"}]}<\/script>\n<!-- \/ Yoast SEO plugin. -->","yoast_head_json":{"title":"Ampere's new shows the future of EV and Software I Ampere.cars","description":"Whether it\u2019s new models, evolving technologies or upcoming events, there\u2019s always something exciting happening at Ampere. Stay on top of it all right here!","robots":{"index":"index","follow":"follow","max-snippet":"max-snippet:-1","max-image-preview":"max-image-preview:large","max-video-preview":"max-video-preview:-1"},"canonical":"https:\/\/www.ampere.cars\/en\/amperes-news\/","og_locale":"en_US","og_type":"article","og_title":"Ampere's new shows the future of EV and Software I Ampere.cars","og_description":"Whether it\u2019s new models, evolving technologies or upcoming events, there\u2019s always something exciting happening at Ampere. Stay on top of it all right here!","og_url":"https:\/\/www.ampere.cars\/en\/amperes-news\/","og_site_name":"Ampere.cars","article_modified_time":"2026-01-16T11:11:39+00:00","og_image":[{"width":2500,"height":1667,"url":"https:\/\/www.ampere.cars\/app\/uploads\/2023\/11\/MicrosoftTeams-image-4.jpg","type":"image\/jpeg"}],"twitter_card":"summary_large_image","twitter_misc":{"Est. reading time":"1 minute"},"schema":{"@context":"https:\/\/schema.org","@graph":[{"@type":"WebPage","@id":"https:\/\/www.ampere.cars\/en\/amperes-news\/","url":"https:\/\/www.ampere.cars\/en\/amperes-news\/","name":"Ampere's new shows the future of EV and Software I Ampere.cars","isPartOf":{"@id":"https:\/\/www.ampere.cars\/en\/#website"},"datePublished":"2023-10-09T08:48:46+00:00","dateModified":"2026-01-16T11:11:39+00:00","description":"Whether it\u2019s new models, evolving technologies or upcoming events, there\u2019s always something exciting happening at Ampere. Stay on top of it all right here!","breadcrumb":{"@id":"https:\/\/www.ampere.cars\/en\/amperes-news\/#breadcrumb"},"inLanguage":"en-US","potentialAction":[{"@type":"ReadAction","target":["https:\/\/www.ampere.cars\/en\/amperes-news\/"]}]},{"@type":"BreadcrumbList","@id":"https:\/\/www.ampere.cars\/en\/amperes-news\/#breadcrumb","itemListElement":[{"@type":"ListItem","position":1,"name":"Home","item":"https:\/\/www.ampere.cars\/en\/"},{"@type":"ListItem","position":2,"name":"Ampere&#8217;s news"}]},{"@type":"WebSite","@id":"https:\/\/www.ampere.cars\/en\/#website","url":"https:\/\/www.ampere.cars\/en\/","name":"Ampere.cars","description":"","potentialAction":[{"@type":"SearchAction","target":{"@type":"EntryPoint","urlTemplate":"https:\/\/www.ampere.cars\/en\/?s={search_term_string}"},"query-input":"required name=search_term_string"}],"inLanguage":"en-US"}]}},"_links":{"self":[{"href":"https:\/\/www.ampere.cars\/en\/wp-json\/wp\/v2\/pages\/2169"}],"collection":[{"href":"https:\/\/www.ampere.cars\/en\/wp-json\/wp\/v2\/pages"}],"about":[{"href":"https:\/\/www.ampere.cars\/en\/wp-json\/wp\/v2\/types\/page"}],"author":[{"embeddable":true,"href":"https:\/\/www.ampere.cars\/en\/wp-json\/wp\/v2\/users\/3"}],"replies":[{"embeddable":true,"href":"https:\/\/www.ampere.cars\/en\/wp-json\/wp\/v2\/comments?post=2169"}],"version-history":[{"count":9,"href":"https:\/\/www.ampere.cars\/en\/wp-json\/wp\/v2\/pages\/2169\/revisions"}],"predecessor-version":[{"id":11590,"href":"https:\/\/www.ampere.cars\/en\/wp-json\/wp\/v2\/pages\/2169\/revisions\/11590"}],"wp:featuredmedia":[{"embeddable":true,"href":"https:\/\/www.ampere.cars\/en\/wp-json\/wp\/v2\/media\/3850"}],"wp:attachment":[{"href":"https:\/\/www.ampere.cars\/en\/wp-json\/wp\/v2\/media?parent=2169"}],"curies":[{"name":"wp","href":"https:\/\/api.w.org\/{rel}","templated":true}]}}